{"version":"1.0","provider_name":"Vir\u00e1gom Vil\u00e1ga","provider_url":"https:\/\/viragomvilaga.cafeblog.hu","author_name":"Vir\u00e1gom Vil\u00e1ga","author_url":"https:\/\/viragomvilaga.cafeblog.hu\/author\/viragom_vilaga\/","title":"Mocs\u00e1ri hiniszkusz-Hibiscus moscheotus","html":"<p>Nem v\u00e9letlen\u00fcl egyre n\u00e9pszer\u0171bb a mocs\u00e1ri hibiszkusz,hiszen felt\u0171n\u0151en nagy \u00e9s sz\u00e9p vir\u00e1gokat hoz. Eddig tal\u00e1lkoztam \u00c9l\u00e9nk s\u00f6t\u00e9t r\u00f3zsasz\u00ednnel,vil\u00e1gos r\u00f3zsasz\u00ednnel \u00e9s feh\u00e9rrel.De piros \u00e9s bord\u00f3 sz\u00ednben is megtal\u00e1lhat\u00f3ak.<\/p>\n<p>Gyorsan n\u00f6vekedik,1-1,5 m\u00e9ter magasra.J\u00falius augusztusban hozza vir\u00e1gait,amik r\u00f6vid \u00e9let\u0171ek,szinte csak egy napig ny\u00edlik,viszont napr\u00f3l napra \u00fajakat hoz,\u00edgy azt\u00e1n folyamatosan vir\u00e1gzik.A t\u00e9li hidegben hajt\u00e1sai visszafagynak,ezeket v\u00e1gjuk le tavasszal \u00e9s m\u00e1jusba m\u00e1r hozza is friss hajt\u00e1sait-k\u00e9s\u0151n hajt,nem kell r\u00f6gt\u00f6n megijedni,hogy esetleg elfagyott. T\u00e9li takar\u00e1ssal is v\u00e9dhetj\u00fck a fagyokt\u00f3l.<\/p>\n<p><img src=\"http:\/\/m.blog.hu\/vi\/viragomvilaga\/image\/p1020969.JPG\" alt=\"p1020969.JPG\" class=\"imgnotext open-in-modal\" \/><\/p>\n<p>V\u00edzig\u00e9nyes n\u00f6v\u00e9ny,szereti a naps\u00fct\u00e9st \u00e9s \u00a0a t\u00e1panyagban gazdag talajt. \u00c9n el\u0151sz\u00f6r a napra \u00fcltettem,de hi\u00e1ba \u00f6nt\u00f6ztem,nagyon megviselte a forr\u00f3s\u00e1g,a levelei sz\u00e9lei el is sz\u00e1radtak,\u00edgy gyorsan \u00e1t\u00fcltettem olyan helyre ahol a d\u00e9lel\u0151tti nap \u00e9ri,a d\u00e9lut\u00e1ni nem. Ez \u00fagy n\u00e9z ki j\u00f3 hely neki,sz\u00e9pen j\u00f6nnek helyre a levelek,\u00e9s vir\u00e1gokat is hoz.Sz\u00f3val \u00e9n nem aj\u00e1nlom az eg\u00e9sz napos t\u0171z\u0151 napot.\u00d6nt\u00f6z\u00e9st ebbe a melegbe szinte minden nap ig\u00e9nyelte,de legk\u00e9s\u0151bb k\u00e9t naponta.<\/p>\n<p>Magr\u00f3l kelt n\u00f6v\u00e9nyk\u00e9ket cser\u00e9pben j\u00f3l lehet nevelni,els\u0151 \u00e9vben m\u00e1r hozhat vir\u00e1got,de csak a m\u00e1sodik \u00e9vt\u0151l bokrosodik. Nagyobb d\u00e9zs\u00e1ban a fejlettebb n\u00f6v\u00e9nyek is nevelhet\u0151ek.<\/p>\n<p>K\u00e9p\u00a0<a href=\"http:\/\/www.edenkert.hu\/fotojatek\/viragok-es-lagyszaruak\/2012\/08\/20\/mocsari-hibiszkusz\/21603\/\" target=\"_blank\" rel=\"noopener noreferrer\">innen :)<\/a><\/p>\n<p>\u00a0<\/p>","type":"rich"}